{"id":1433,"date":"2015-12-04T00:09:09","date_gmt":"2015-12-03T23:09:09","guid":{"rendered":"http:\/\/www.ardennesgites.be\/nl\/region\/"},"modified":"2022-12-22T16:52:40","modified_gmt":"2022-12-22T15:52:40","slug":"wat-te-doen-in-onze-regio","status":"publish","type":"page","link":"https:\/\/ardennesgites.be\/nl\/wat-te-doen-in-onze-regio\/","title":{"rendered":"WAT TE DOEN IN ONZE REGIO"},"content":{"rendered":"\t\t<div data-elementor-type=\"wp-page\" data-elementor-id=\"1433\" class=\"elementor elementor-1433 elementor-246\">\n\t\t\t\t\t\t<section class=\"elementor-section elementor-top-section elementor-element elementor-element-2943144 elementor-section-full_width elementor-section-height-default elementor-section-height-default\" data-id=\"2943144\" data-element_type=\"section\" data-settings=\"{&quot;background_background&quot;:&quot;classic&quot;}\">\n\t\t\t\t\t\t\t<div class=\"elementor-background-overlay\"><\/div>\n\t\t\t\t\t\t\t<div class=\"elementor-container elementor-column-gap-default\">\n\t\t\t\t\t<div class=\"elementor-column elementor-col-100 elementor-top-column elementor-element elementor-element-0f9ff1f elementor-invisible\" data-id=\"0f9ff1f\" data-element_type=\"column\" data-settings=\"{&quot;motion_fx_motion_fx_scrolling&quot;:&quot;yes&quot;,&quot;motion_fx_translateX_effect&quot;:&quot;yes&quot;,&quot;motion_fx_translateX_direction&quot;:&quot;negative&quot;,&quot;motion_fx_translateX_speed&quot;:{&quot;unit&quot;:&quot;px&quot;,&quot;size&quot;:8,&quot;sizes&quot;:[]},&quot;animation&quot;:&quot;fadeInLeft&quot;,&quot;motion_fx_translateX_affectedRange&quot;:{&quot;unit&quot;:&quot;%&quot;,&quot;size&quot;:&quot;&quot;,&quot;sizes&quot;:{&quot;start&quot;:0,&quot;end&quot;:100}},&quot;motion_fx_devices&quot;:[&quot;desktop&quot;,&quot;tablet&quot;,&quot;mobile&quot;]}\">\n\t\t\t<div class=\"elementor-widget-wrap elementor-element-populated\">\n\t\t\t\t\t\t<div class=\"elementor-element elementor-element-1391246 elementor-widget elementor-widget-heading\" data-id=\"1391246\" data-element_type=\"widget\" data-widget_type=\"heading.default\">\n\t\t\t\t<div class=\"elementor-widget-container\">\n\t\t\t\t\t<h1 class=\"elementor-heading-title elementor-size-default\">In de regio<\/h1>\t\t\t\t<\/div>\n\t\t\t\t<\/div>\n\t\t\t\t\t<\/div>\n\t\t<\/div>\n\t\t\t\t\t<\/div>\n\t\t<\/section>\n\t\t\t\t<section class=\"elementor-section elementor-top-section elementor-element elementor-element-b98a840 elementor-section-full_width elementor-section-height-default elementor-section-height-default\" data-id=\"b98a840\" data-element_type=\"section\" data-settings=\"{&quot;background_background&quot;:&quot;classic&quot;}\">\n\t\t\t\t\t\t<div class=\"elementor-container elementor-column-gap-default\">\n\t\t\t\t\t<div class=\"elementor-column elementor-col-100 elementor-top-column elementor-element elementor-element-191bf54\" data-id=\"191bf54\" data-element_type=\"column\">\n\t\t\t<div class=\"elementor-widget-wrap elementor-element-populated\">\n\t\t\t\t\t\t<div class=\"elementor-element elementor-element-517491a elementor-grid-6 elementor-grid-tablet-2 elementor-grid-mobile-1 elementor-widget elementor-widget-portfolio\" data-id=\"517491a\" data-element_type=\"widget\" data-settings=\"{&quot;columns&quot;:&quot;6&quot;,&quot;item_ratio&quot;:{&quot;unit&quot;:&quot;px&quot;,&quot;size&quot;:&quot;&quot;,&quot;sizes&quot;:[]},&quot;row_gap&quot;:{&quot;unit&quot;:&quot;px&quot;,&quot;size&quot;:30,&quot;sizes&quot;:[]},&quot;columns_tablet&quot;:&quot;2&quot;,&quot;columns_mobile&quot;:&quot;1&quot;,&quot;item_gap&quot;:{&quot;unit&quot;:&quot;px&quot;,&quot;size&quot;:&quot;&quot;,&quot;sizes&quot;:[]}}\" data-widget_type=\"portfolio.default\">\n\t\t\t\t<div class=\"elementor-widget-container\">\n\t\t\t\t\t\t\t<ul class=\"elementor-portfolio__filters\">\n\t\t\t<li class=\"elementor-portfolio__filter elementor-active\" data-filter=\"__all\">Alle<\/li>\n\t\t\t\t\t\t\t<li class=\"elementor-portfolio__filter\" data-filter=\"39\">Familie<\/li>\n\t\t\t\t\t\t\t<li class=\"elementor-portfolio__filter\" data-filter=\"50\">Folklore<\/li>\n\t\t\t\t\t\t\t<li class=\"elementor-portfolio__filter\" data-filter=\"47\">Memorial<\/li>\n\t\t\t\t\t\t\t<li class=\"elementor-portfolio__filter\" data-filter=\"40\">Natuur<\/li>\n\t\t\t\t\t\t\t<li class=\"elementor-portfolio__filter\" data-filter=\"42\">Omstreek<\/li>\n\t\t\t\t\t\t\t<li class=\"elementor-portfolio__filter\" data-filter=\"53\">Parc<\/li>\n\t\t\t\t\t\t\t<li class=\"elementor-portfolio__filter\" data-filter=\"52\">Restaurant<\/li>\n\t\t\t\t\t\t\t<li class=\"elementor-portfolio__filter\" data-filter=\"41\">Sport<\/li>\n\t\t\t\t\t\t\t<li class=\"elementor-portfolio__filter\" data-filter=\"51\">Winkel<\/li>\n\t\t\t\t\t\t\t<li class=\"elementor-portfolio__filter\" data-filter=\"49\">brouwerij<\/li>\n\t\t\t\t\t\t\t<li class=\"elementor-portfolio__filter\" data-filter=\"54\">museum<\/li>\n\t\t\t\t\t<\/ul>\n\t\t\t\t<div class=\"elementor-portfolio elementor-grid elementor-posts-container\">\n\t\t\t\t<article class=\"elementor-portfolio-item elementor-post elementor-filter-39 elementor-filter-40 post-1744 post type-post status-publish format-standard has-post-thumbnail hentry category-famille-nl category-nature-nl\">\n\t\t\t<a class=\"elementor-post__thumbnail__link\" href=\"https:\/\/ardennesgites.be\/nl\/coo-aventure\/\">\n\t\t\t\t<div class=\"elementor-portfolio-item__img elementor-post__thumbnail\">\n\t\t\t<img fetchpriority=\"high\" decoding=\"async\" width=\"500\" height=\"375\" src=\"https:\/\/ardennesgites.be\/wp-content\/uploads\/2016\/10\/coo_aventure.jpg\" class=\"attachment-medium_large size-medium_large wp-image-1516\" alt=\"\" srcset=\"https:\/\/ardennesgites.be\/wp-content\/uploads\/2016\/10\/coo_aventure.jpg 500w, https:\/\/ardennesgites.be\/wp-content\/uploads\/2016\/10\/coo_aventure-120x90.jpg 120w, https:\/\/ardennesgites.be\/wp-content\/uploads\/2016\/10\/coo_aventure-300x225.jpg 300w, https:\/\/ardennesgites.be\/wp-content\/uploads\/2016\/10\/coo_aventure-260x195.jpg 260w\" sizes=\"(max-width: 500px) 100vw, 500px\" \/>\t\t<\/div>\n\t\t\t\t<div class=\"elementor-portfolio-item__overlay\">\n\t\t\t\t<h3 class=\"elementor-portfolio-item__title\">\n\t\tCoo Aventure\t\t<\/h3>\n\t\t\t\t<\/div>\n\t\t\t\t<\/a>\n\t\t<\/article>\n\t\t\t\t<article class=\"elementor-portfolio-item elementor-post elementor-filter-39 post-1743 post type-post status-publish format-standard has-post-thumbnail hentry category-famille-nl\">\n\t\t\t<a class=\"elementor-post__thumbnail__link\" href=\"https:\/\/ardennesgites.be\/nl\/domaine-des-grottes-de-han\/\">\n\t\t\t\t<div class=\"elementor-portfolio-item__img elementor-post__thumbnail\">\n\t\t\t<img decoding=\"async\" width=\"500\" height=\"375\" src=\"https:\/\/ardennesgites.be\/wp-content\/uploads\/2016\/10\/domaine_grotte_de_han.jpg\" class=\"attachment-medium_large size-medium_large wp-image-1528\" alt=\"\" srcset=\"https:\/\/ardennesgites.be\/wp-content\/uploads\/2016\/10\/domaine_grotte_de_han.jpg 500w, https:\/\/ardennesgites.be\/wp-content\/uploads\/2016\/10\/domaine_grotte_de_han-120x90.jpg 120w, https:\/\/ardennesgites.be\/wp-content\/uploads\/2016\/10\/domaine_grotte_de_han-300x225.jpg 300w, https:\/\/ardennesgites.be\/wp-content\/uploads\/2016\/10\/domaine_grotte_de_han-260x195.jpg 260w\" sizes=\"(max-width: 500px) 100vw, 500px\" \/>\t\t<\/div>\n\t\t\t\t<div class=\"elementor-portfolio-item__overlay\">\n\t\t\t\t<h3 class=\"elementor-portfolio-item__title\">\n\t\tDomaine des Grottes de Han\t\t<\/h3>\n\t\t\t\t<\/div>\n\t\t\t\t<\/a>\n\t\t<\/article>\n\t\t\t\t<article class=\"elementor-portfolio-item elementor-post elementor-filter-51 post-1742 post type-post status-publish format-standard has-post-thumbnail hentry category-winkel\">\n\t\t\t<a class=\"elementor-post__thumbnail__link\" href=\"https:\/\/ardennesgites.be\/nl\/colruyt-malmedy\/\">\n\t\t\t\t<div class=\"elementor-portfolio-item__img elementor-post__thumbnail\">\n\t\t\t<img decoding=\"async\" width=\"500\" height=\"375\" src=\"https:\/\/ardennesgites.be\/wp-content\/uploads\/2016\/10\/colruyt_malmedy.jpg\" class=\"attachment-medium_large size-medium_large wp-image-1513\" alt=\"\" srcset=\"https:\/\/ardennesgites.be\/wp-content\/uploads\/2016\/10\/colruyt_malmedy.jpg 500w, https:\/\/ardennesgites.be\/wp-content\/uploads\/2016\/10\/colruyt_malmedy-120x90.jpg 120w, https:\/\/ardennesgites.be\/wp-content\/uploads\/2016\/10\/colruyt_malmedy-300x225.jpg 300w, https:\/\/ardennesgites.be\/wp-content\/uploads\/2016\/10\/colruyt_malmedy-260x195.jpg 260w\" sizes=\"(max-width: 500px) 100vw, 500px\" \/>\t\t<\/div>\n\t\t\t\t<div class=\"elementor-portfolio-item__overlay\">\n\t\t\t\t<h3 class=\"elementor-portfolio-item__title\">\n\t\tColruyt Malmedy\t\t<\/h3>\n\t\t\t\t<\/div>\n\t\t\t\t<\/a>\n\t\t<\/article>\n\t\t\t\t<article class=\"elementor-portfolio-item elementor-post elementor-filter-51 post-1741 post type-post status-publish format-standard has-post-thumbnail hentry category-winkel\">\n\t\t\t<a class=\"elementor-post__thumbnail__link\" href=\"https:\/\/ardennesgites.be\/nl\/colruyt-bastogne\/\">\n\t\t\t\t<div class=\"elementor-portfolio-item__img elementor-post__thumbnail\">\n\t\t\t<img loading=\"lazy\" decoding=\"async\" width=\"500\" height=\"375\" src=\"https:\/\/ardennesgites.be\/wp-content\/uploads\/2016\/10\/colruyt_bastogne.jpg\" class=\"attachment-medium_large size-medium_large wp-image-1510\" alt=\"\" srcset=\"https:\/\/ardennesgites.be\/wp-content\/uploads\/2016\/10\/colruyt_bastogne.jpg 500w, https:\/\/ardennesgites.be\/wp-content\/uploads\/2016\/10\/colruyt_bastogne-120x90.jpg 120w, https:\/\/ardennesgites.be\/wp-content\/uploads\/2016\/10\/colruyt_bastogne-300x225.jpg 300w, https:\/\/ardennesgites.be\/wp-content\/uploads\/2016\/10\/colruyt_bastogne-260x195.jpg 260w\" sizes=\"(max-width: 500px) 100vw, 500px\" \/>\t\t<\/div>\n\t\t\t\t<div class=\"elementor-portfolio-item__overlay\">\n\t\t\t\t<h3 class=\"elementor-portfolio-item__title\">\n\t\tColruyt Bastogne\t\t<\/h3>\n\t\t\t\t<\/div>\n\t\t\t\t<\/a>\n\t\t<\/article>\n\t\t\t\t<article class=\"elementor-portfolio-item elementor-post elementor-filter-39 elementor-filter-40 post-1731 post type-post status-publish format-standard has-post-thumbnail hentry category-famille-nl category-nature-nl\">\n\t\t\t<a class=\"elementor-post__thumbnail__link\" href=\"https:\/\/ardennesgites.be\/nl\/aventura-vielsalm\/\">\n\t\t\t\t<div class=\"elementor-portfolio-item__img elementor-post__thumbnail\">\n\t\t\t<img loading=\"lazy\" decoding=\"async\" width=\"500\" height=\"375\" src=\"https:\/\/ardennesgites.be\/wp-content\/uploads\/2016\/10\/avenature_vielsalm.jpg\" class=\"attachment-medium_large size-medium_large wp-image-1495\" alt=\"\" srcset=\"https:\/\/ardennesgites.be\/wp-content\/uploads\/2016\/10\/avenature_vielsalm.jpg 500w, https:\/\/ardennesgites.be\/wp-content\/uploads\/2016\/10\/avenature_vielsalm-120x90.jpg 120w, https:\/\/ardennesgites.be\/wp-content\/uploads\/2016\/10\/avenature_vielsalm-300x225.jpg 300w, https:\/\/ardennesgites.be\/wp-content\/uploads\/2016\/10\/avenature_vielsalm-260x195.jpg 260w\" sizes=\"(max-width: 500px) 100vw, 500px\" \/>\t\t<\/div>\n\t\t\t\t<div class=\"elementor-portfolio-item__overlay\">\n\t\t\t\t<h3 class=\"elementor-portfolio-item__title\">\n\t\tAventura Vielsalm\t\t<\/h3>\n\t\t\t\t<\/div>\n\t\t\t\t<\/a>\n\t\t<\/article>\n\t\t\t\t<article class=\"elementor-portfolio-item elementor-post elementor-filter-39 elementor-filter-53 post-1730 post type-post status-publish format-standard has-post-thumbnail hentry category-famille-nl category-parc-nl\">\n\t\t\t<a class=\"elementor-post__thumbnail__link\" href=\"https:\/\/ardennesgites.be\/nl\/plopsa-coo\/\">\n\t\t\t\t<div class=\"elementor-portfolio-item__img elementor-post__thumbnail\">\n\t\t\t<img loading=\"lazy\" decoding=\"async\" width=\"500\" height=\"375\" src=\"https:\/\/ardennesgites.be\/wp-content\/uploads\/2016\/10\/plopsa_coo.jpg\" class=\"attachment-medium_large size-medium_large wp-image-1582\" alt=\"\" srcset=\"https:\/\/ardennesgites.be\/wp-content\/uploads\/2016\/10\/plopsa_coo.jpg 500w, https:\/\/ardennesgites.be\/wp-content\/uploads\/2016\/10\/plopsa_coo-120x90.jpg 120w, https:\/\/ardennesgites.be\/wp-content\/uploads\/2016\/10\/plopsa_coo-300x225.jpg 300w, https:\/\/ardennesgites.be\/wp-content\/uploads\/2016\/10\/plopsa_coo-260x195.jpg 260w\" sizes=\"(max-width: 500px) 100vw, 500px\" \/>\t\t<\/div>\n\t\t\t\t<div class=\"elementor-portfolio-item__overlay\">\n\t\t\t\t<h3 class=\"elementor-portfolio-item__title\">\n\t\tPlopsa Coo\t\t<\/h3>\n\t\t\t\t<\/div>\n\t\t\t\t<\/a>\n\t\t<\/article>\n\t\t\t\t<article class=\"elementor-portfolio-item elementor-post elementor-filter-51 post-1729 post type-post status-publish format-standard has-post-thumbnail hentry category-winkel\">\n\t\t\t<a class=\"elementor-post__thumbnail__link\" href=\"https:\/\/ardennesgites.be\/nl\/spar-vielsalm\/\">\n\t\t\t\t<div class=\"elementor-portfolio-item__img elementor-post__thumbnail\">\n\t\t\t<img loading=\"lazy\" decoding=\"async\" width=\"500\" height=\"375\" src=\"https:\/\/ardennesgites.be\/wp-content\/uploads\/2016\/10\/spar_vielsalm.jpg\" class=\"attachment-medium_large size-medium_large wp-image-1603\" alt=\"\" srcset=\"https:\/\/ardennesgites.be\/wp-content\/uploads\/2016\/10\/spar_vielsalm.jpg 500w, https:\/\/ardennesgites.be\/wp-content\/uploads\/2016\/10\/spar_vielsalm-120x90.jpg 120w, https:\/\/ardennesgites.be\/wp-content\/uploads\/2016\/10\/spar_vielsalm-300x225.jpg 300w, https:\/\/ardennesgites.be\/wp-content\/uploads\/2016\/10\/spar_vielsalm-260x195.jpg 260w\" sizes=\"(max-width: 500px) 100vw, 500px\" \/>\t\t<\/div>\n\t\t\t\t<div class=\"elementor-portfolio-item__overlay\">\n\t\t\t\t<h3 class=\"elementor-portfolio-item__title\">\n\t\tSpar Vielsalm\t\t<\/h3>\n\t\t\t\t<\/div>\n\t\t\t\t<\/a>\n\t\t<\/article>\n\t\t\t\t<article class=\"elementor-portfolio-item elementor-post elementor-filter-52 post-1728 post type-post status-publish format-standard has-post-thumbnail hentry category-restaurant-nl\">\n\t\t\t<a class=\"elementor-post__thumbnail__link\" href=\"https:\/\/ardennesgites.be\/nl\/restaurant-saveurs-etoilees\/\">\n\t\t\t\t<div class=\"elementor-portfolio-item__img elementor-post__thumbnail\">\n\t\t\t<img loading=\"lazy\" decoding=\"async\" width=\"500\" height=\"375\" src=\"https:\/\/ardennesgites.be\/wp-content\/uploads\/2016\/10\/saveurs_etoilees.jpg\" class=\"attachment-medium_large size-medium_large wp-image-1594\" alt=\"\" srcset=\"https:\/\/ardennesgites.be\/wp-content\/uploads\/2016\/10\/saveurs_etoilees.jpg 500w, https:\/\/ardennesgites.be\/wp-content\/uploads\/2016\/10\/saveurs_etoilees-120x90.jpg 120w, https:\/\/ardennesgites.be\/wp-content\/uploads\/2016\/10\/saveurs_etoilees-300x225.jpg 300w, https:\/\/ardennesgites.be\/wp-content\/uploads\/2016\/10\/saveurs_etoilees-260x195.jpg 260w\" sizes=\"(max-width: 500px) 100vw, 500px\" \/>\t\t<\/div>\n\t\t\t\t<div class=\"elementor-portfolio-item__overlay\">\n\t\t\t\t<h3 class=\"elementor-portfolio-item__title\">\n\t\tRestaurant Saveurs \u00e9toil\u00e9es\t\t<\/h3>\n\t\t\t\t<\/div>\n\t\t\t\t<\/a>\n\t\t<\/article>\n\t\t\t\t<article class=\"elementor-portfolio-item elementor-post elementor-filter-52 post-1727 post type-post status-publish format-standard has-post-thumbnail hentry category-restaurant-nl\">\n\t\t\t<a class=\"elementor-post__thumbnail__link\" href=\"https:\/\/ardennesgites.be\/nl\/le-saint-martin\/\">\n\t\t\t\t<div class=\"elementor-portfolio-item__img elementor-post__thumbnail\">\n\t\t\t<img loading=\"lazy\" decoding=\"async\" width=\"500\" height=\"375\" src=\"https:\/\/ardennesgites.be\/wp-content\/uploads\/2016\/10\/saint_martin.jpg\" class=\"attachment-medium_large size-medium_large wp-image-1591\" alt=\"\" srcset=\"https:\/\/ardennesgites.be\/wp-content\/uploads\/2016\/10\/saint_martin.jpg 500w, https:\/\/ardennesgites.be\/wp-content\/uploads\/2016\/10\/saint_martin-120x90.jpg 120w, https:\/\/ardennesgites.be\/wp-content\/uploads\/2016\/10\/saint_martin-300x225.jpg 300w, https:\/\/ardennesgites.be\/wp-content\/uploads\/2016\/10\/saint_martin-260x195.jpg 260w\" sizes=\"(max-width: 500px) 100vw, 500px\" \/>\t\t<\/div>\n\t\t\t\t<div class=\"elementor-portfolio-item__overlay\">\n\t\t\t\t<h3 class=\"elementor-portfolio-item__title\">\n\t\tLe Saint Martin\t\t<\/h3>\n\t\t\t\t<\/div>\n\t\t\t\t<\/a>\n\t\t<\/article>\n\t\t\t\t<article class=\"elementor-portfolio-item elementor-post elementor-filter-41 post-1726 post type-post status-publish format-standard has-post-thumbnail hentry category-sport-nl\">\n\t\t\t<a class=\"elementor-post__thumbnail__link\" href=\"https:\/\/ardennesgites.be\/nl\/roc-dardenne\/\">\n\t\t\t\t<div class=\"elementor-portfolio-item__img elementor-post__thumbnail\">\n\t\t\t<img loading=\"lazy\" decoding=\"async\" width=\"500\" height=\"375\" src=\"https:\/\/ardennesgites.be\/wp-content\/uploads\/2016\/10\/roc_ardenne.jpg\" class=\"attachment-medium_large size-medium_large wp-image-1588\" alt=\"\" srcset=\"https:\/\/ardennesgites.be\/wp-content\/uploads\/2016\/10\/roc_ardenne.jpg 500w, https:\/\/ardennesgites.be\/wp-content\/uploads\/2016\/10\/roc_ardenne-120x90.jpg 120w, https:\/\/ardennesgites.be\/wp-content\/uploads\/2016\/10\/roc_ardenne-300x225.jpg 300w, https:\/\/ardennesgites.be\/wp-content\/uploads\/2016\/10\/roc_ardenne-260x195.jpg 260w\" sizes=\"(max-width: 500px) 100vw, 500px\" \/>\t\t<\/div>\n\t\t\t\t<div class=\"elementor-portfolio-item__overlay\">\n\t\t\t\t<h3 class=\"elementor-portfolio-item__title\">\n\t\tRoc d&#8217;Ardenne\t\t<\/h3>\n\t\t\t\t<\/div>\n\t\t\t\t<\/a>\n\t\t<\/article>\n\t\t\t\t<article class=\"elementor-portfolio-item elementor-post elementor-filter-52 post-1725 post type-post status-publish format-standard has-post-thumbnail hentry category-restaurant-nl\">\n\t\t\t<a class=\"elementor-post__thumbnail__link\" href=\"https:\/\/ardennesgites.be\/nl\/restaurant-lecurie\/\">\n\t\t\t\t<div class=\"elementor-portfolio-item__img elementor-post__thumbnail\">\n\t\t\t<img loading=\"lazy\" decoding=\"async\" width=\"500\" height=\"375\" src=\"https:\/\/ardennesgites.be\/wp-content\/uploads\/2016\/10\/restaurant_ecurie_grand_halleux.jpg\" class=\"attachment-medium_large size-medium_large wp-image-1585\" alt=\"\" srcset=\"https:\/\/ardennesgites.be\/wp-content\/uploads\/2016\/10\/restaurant_ecurie_grand_halleux.jpg 500w, https:\/\/ardennesgites.be\/wp-content\/uploads\/2016\/10\/restaurant_ecurie_grand_halleux-120x90.jpg 120w, https:\/\/ardennesgites.be\/wp-content\/uploads\/2016\/10\/restaurant_ecurie_grand_halleux-300x225.jpg 300w, https:\/\/ardennesgites.be\/wp-content\/uploads\/2016\/10\/restaurant_ecurie_grand_halleux-260x195.jpg 260w\" sizes=\"(max-width: 500px) 100vw, 500px\" \/>\t\t<\/div>\n\t\t\t\t<div class=\"elementor-portfolio-item__overlay\">\n\t\t\t\t<h3 class=\"elementor-portfolio-item__title\">\n\t\tRestaurant l&#8217;Ecurie\t\t<\/h3>\n\t\t\t\t<\/div>\n\t\t\t\t<\/a>\n\t\t<\/article>\n\t\t\t\t<article class=\"elementor-portfolio-item elementor-post elementor-filter-39 elementor-filter-40 elementor-filter-53 post-1724 post type-post status-publish format-standard has-post-thumbnail hentry category-famille-nl category-nature-nl category-parc-nl\">\n\t\t\t<a class=\"elementor-post__thumbnail__link\" href=\"https:\/\/ardennesgites.be\/nl\/parc-chlorophylle\/\">\n\t\t\t\t<div class=\"elementor-portfolio-item__img elementor-post__thumbnail\">\n\t\t\t<img loading=\"lazy\" decoding=\"async\" width=\"500\" height=\"375\" src=\"https:\/\/ardennesgites.be\/wp-content\/uploads\/2016\/10\/parc_cholrophylle.jpg\" class=\"attachment-medium_large size-medium_large wp-image-1579\" alt=\"\" srcset=\"https:\/\/ardennesgites.be\/wp-content\/uploads\/2016\/10\/parc_cholrophylle.jpg 500w, https:\/\/ardennesgites.be\/wp-content\/uploads\/2016\/10\/parc_cholrophylle-120x90.jpg 120w, https:\/\/ardennesgites.be\/wp-content\/uploads\/2016\/10\/parc_cholrophylle-300x225.jpg 300w, https:\/\/ardennesgites.be\/wp-content\/uploads\/2016\/10\/parc_cholrophylle-260x195.jpg 260w\" sizes=\"(max-width: 500px) 100vw, 500px\" \/>\t\t<\/div>\n\t\t\t\t<div class=\"elementor-portfolio-item__overlay\">\n\t\t\t\t<h3 class=\"elementor-portfolio-item__title\">\n\t\tParc Chlorophylle\t\t<\/h3>\n\t\t\t\t<\/div>\n\t\t\t\t<\/a>\n\t\t<\/article>\n\t\t\t\t<article class=\"elementor-portfolio-item elementor-post elementor-filter-39 elementor-filter-54 post-1723 post type-post status-publish format-standard has-post-thumbnail hentry category-famille-nl category-museum\">\n\t\t\t<a class=\"elementor-post__thumbnail__link\" href=\"https:\/\/ardennesgites.be\/nl\/musee-de-la-bataille-des-ardennes\/\">\n\t\t\t\t<div class=\"elementor-portfolio-item__img elementor-post__thumbnail\">\n\t\t\t<img loading=\"lazy\" decoding=\"async\" width=\"500\" height=\"375\" src=\"https:\/\/ardennesgites.be\/wp-content\/uploads\/2016\/10\/mus\u00e9e_bataille_ardenne.jpg\" class=\"attachment-medium_large size-medium_large wp-image-1576\" alt=\"\" srcset=\"https:\/\/ardennesgites.be\/wp-content\/uploads\/2016\/10\/mus\u00e9e_bataille_ardenne.jpg 500w, https:\/\/ardennesgites.be\/wp-content\/uploads\/2016\/10\/mus\u00e9e_bataille_ardenne-120x90.jpg 120w, https:\/\/ardennesgites.be\/wp-content\/uploads\/2016\/10\/mus\u00e9e_bataille_ardenne-300x225.jpg 300w, https:\/\/ardennesgites.be\/wp-content\/uploads\/2016\/10\/mus\u00e9e_bataille_ardenne-260x195.jpg 260w\" sizes=\"(max-width: 500px) 100vw, 500px\" \/>\t\t<\/div>\n\t\t\t\t<div class=\"elementor-portfolio-item__overlay\">\n\t\t\t\t<h3 class=\"elementor-portfolio-item__title\">\n\t\tMus\u00e9e de la Bataille des Ardennes\t\t<\/h3>\n\t\t\t\t<\/div>\n\t\t\t\t<\/a>\n\t\t<\/article>\n\t\t\t\t<article class=\"elementor-portfolio-item elementor-post elementor-filter-39 elementor-filter-40 elementor-filter-53 post-1718 post type-post status-publish format-standard has-post-thumbnail hentry category-famille-nl category-nature-nl category-parc-nl\">\n\t\t\t<a class=\"elementor-post__thumbnail__link\" href=\"https:\/\/ardennesgites.be\/nl\/monde-sauvage-daywaille\/\">\n\t\t\t\t<div class=\"elementor-portfolio-item__img elementor-post__thumbnail\">\n\t\t\t<img loading=\"lazy\" decoding=\"async\" width=\"500\" height=\"375\" src=\"https:\/\/ardennesgites.be\/wp-content\/uploads\/2016\/10\/monde_sauvage_aywaille.jpg\" class=\"attachment-medium_large size-medium_large wp-image-1573\" alt=\"\" srcset=\"https:\/\/ardennesgites.be\/wp-content\/uploads\/2016\/10\/monde_sauvage_aywaille.jpg 500w, https:\/\/ardennesgites.be\/wp-content\/uploads\/2016\/10\/monde_sauvage_aywaille-120x90.jpg 120w, https:\/\/ardennesgites.be\/wp-content\/uploads\/2016\/10\/monde_sauvage_aywaille-300x225.jpg 300w, https:\/\/ardennesgites.be\/wp-content\/uploads\/2016\/10\/monde_sauvage_aywaille-260x195.jpg 260w\" sizes=\"(max-width: 500px) 100vw, 500px\" \/>\t\t<\/div>\n\t\t\t\t<div class=\"elementor-portfolio-item__overlay\">\n\t\t\t\t<h3 class=\"elementor-portfolio-item__title\">\n\t\tMonde Sauvage d&#8217;Aywaille\t\t<\/h3>\n\t\t\t\t<\/div>\n\t\t\t\t<\/a>\n\t\t<\/article>\n\t\t\t\t<article class=\"elementor-portfolio-item elementor-post elementor-filter-39 elementor-filter-53 post-1717 post type-post status-publish format-standard has-post-thumbnail hentry category-famille-nl category-parc-nl\">\n\t\t\t<a class=\"elementor-post__thumbnail__link\" href=\"https:\/\/ardennesgites.be\/nl\/mared-indoor\/\">\n\t\t\t\t<div class=\"elementor-portfolio-item__img elementor-post__thumbnail\">\n\t\t\t<img loading=\"lazy\" decoding=\"async\" width=\"500\" height=\"375\" src=\"https:\/\/ardennesgites.be\/wp-content\/uploads\/2016\/10\/maredindoor.jpg\" class=\"attachment-medium_large size-medium_large wp-image-1570\" alt=\"\" srcset=\"https:\/\/ardennesgites.be\/wp-content\/uploads\/2016\/10\/maredindoor.jpg 500w, https:\/\/ardennesgites.be\/wp-content\/uploads\/2016\/10\/maredindoor-120x90.jpg 120w, https:\/\/ardennesgites.be\/wp-content\/uploads\/2016\/10\/maredindoor-300x225.jpg 300w, https:\/\/ardennesgites.be\/wp-content\/uploads\/2016\/10\/maredindoor-260x195.jpg 260w\" sizes=\"(max-width: 500px) 100vw, 500px\" \/>\t\t<\/div>\n\t\t\t\t<div class=\"elementor-portfolio-item__overlay\">\n\t\t\t\t<h3 class=\"elementor-portfolio-item__title\">\n\t\tMared Indoor\t\t<\/h3>\n\t\t\t\t<\/div>\n\t\t\t\t<\/a>\n\t\t<\/article>\n\t\t\t\t<article class=\"elementor-portfolio-item elementor-post elementor-filter-39 post-1716 post type-post status-publish format-standard has-post-thumbnail hentry category-famille-nl\">\n\t\t\t<a class=\"elementor-post__thumbnail__link\" href=\"https:\/\/ardennesgites.be\/nl\/memorial-du-mardasson\/\">\n\t\t\t\t<div class=\"elementor-portfolio-item__img elementor-post__thumbnail\">\n\t\t\t<img loading=\"lazy\" decoding=\"async\" width=\"500\" height=\"375\" src=\"https:\/\/ardennesgites.be\/wp-content\/uploads\/2016\/10\/mardason.jpg\" class=\"attachment-medium_large size-medium_large wp-image-1567\" alt=\"\" srcset=\"https:\/\/ardennesgites.be\/wp-content\/uploads\/2016\/10\/mardason.jpg 500w, https:\/\/ardennesgites.be\/wp-content\/uploads\/2016\/10\/mardason-120x90.jpg 120w, https:\/\/ardennesgites.be\/wp-content\/uploads\/2016\/10\/mardason-300x225.jpg 300w, https:\/\/ardennesgites.be\/wp-content\/uploads\/2016\/10\/mardason-260x195.jpg 260w\" sizes=\"(max-width: 500px) 100vw, 500px\" \/>\t\t<\/div>\n\t\t\t\t<div class=\"elementor-portfolio-item__overlay\">\n\t\t\t\t<h3 class=\"elementor-portfolio-item__title\">\n\t\tM\u00e9morial du Mardasson\t\t<\/h3>\n\t\t\t\t<\/div>\n\t\t\t\t<\/a>\n\t\t<\/article>\n\t\t\t\t<article class=\"elementor-portfolio-item elementor-post elementor-filter-49 elementor-filter-42 post-1715 post type-post status-publish format-standard has-post-thumbnail hentry category-brouwerij category-region-nl\">\n\t\t\t<a class=\"elementor-post__thumbnail__link\" href=\"https:\/\/ardennesgites.be\/nl\/biere-la-vieille-salme-speciale\/\">\n\t\t\t\t<div class=\"elementor-portfolio-item__img elementor-post__thumbnail\">\n\t\t\t<img loading=\"lazy\" decoding=\"async\" width=\"500\" height=\"375\" src=\"https:\/\/ardennesgites.be\/wp-content\/uploads\/2016\/10\/la_vieille_salme.jpg\" class=\"attachment-medium_large size-medium_large wp-image-1549\" alt=\"\" srcset=\"https:\/\/ardennesgites.be\/wp-content\/uploads\/2016\/10\/la_vieille_salme.jpg 500w, https:\/\/ardennesgites.be\/wp-content\/uploads\/2016\/10\/la_vieille_salme-120x90.jpg 120w, https:\/\/ardennesgites.be\/wp-content\/uploads\/2016\/10\/la_vieille_salme-300x225.jpg 300w, https:\/\/ardennesgites.be\/wp-content\/uploads\/2016\/10\/la_vieille_salme-260x195.jpg 260w\" sizes=\"(max-width: 500px) 100vw, 500px\" \/>\t\t<\/div>\n\t\t\t\t<div class=\"elementor-portfolio-item__overlay\">\n\t\t\t\t<h3 class=\"elementor-portfolio-item__title\">\n\t\tBi\u00e8re La Vieille Salme speciale\t\t<\/h3>\n\t\t\t\t<\/div>\n\t\t\t\t<\/a>\n\t\t<\/article>\n\t\t\t\t<article class=\"elementor-portfolio-item elementor-post elementor-filter-39 elementor-filter-50 post-1707 post type-post status-publish format-standard has-post-thumbnail hentry category-famille-nl category-folklore-nl\">\n\t\t\t<a class=\"elementor-post__thumbnail__link\" href=\"https:\/\/ardennesgites.be\/nl\/cwarme-de-malmedy\/\">\n\t\t\t\t<div class=\"elementor-portfolio-item__img elementor-post__thumbnail\">\n\t\t\t<img loading=\"lazy\" decoding=\"async\" width=\"500\" height=\"375\" src=\"https:\/\/ardennesgites.be\/wp-content\/uploads\/2016\/10\/cwarme.jpg\" class=\"attachment-medium_large size-medium_large wp-image-1522\" alt=\"\" srcset=\"https:\/\/ardennesgites.be\/wp-content\/uploads\/2016\/10\/cwarme.jpg 500w, https:\/\/ardennesgites.be\/wp-content\/uploads\/2016\/10\/cwarme-120x90.jpg 120w, https:\/\/ardennesgites.be\/wp-content\/uploads\/2016\/10\/cwarme-300x225.jpg 300w, https:\/\/ardennesgites.be\/wp-content\/uploads\/2016\/10\/cwarme-260x195.jpg 260w\" sizes=\"(max-width: 500px) 100vw, 500px\" \/>\t\t<\/div>\n\t\t\t\t<div class=\"elementor-portfolio-item__overlay\">\n\t\t\t\t<h3 class=\"elementor-portfolio-item__title\">\n\t\tCwarme de Malmedy\t\t<\/h3>\n\t\t\t\t<\/div>\n\t\t\t\t<\/a>\n\t\t<\/article>\n\t\t\t\t<article class=\"elementor-portfolio-item elementor-post elementor-filter-49 elementor-filter-42 post-1706 post type-post status-publish format-standard has-post-thumbnail hentry category-brouwerij category-region-nl\">\n\t\t\t<a class=\"elementor-post__thumbnail__link\" href=\"https:\/\/ardennesgites.be\/nl\/biere-lupulus\/\">\n\t\t\t\t<div class=\"elementor-portfolio-item__img elementor-post__thumbnail\">\n\t\t\t<img loading=\"lazy\" decoding=\"async\" width=\"500\" height=\"375\" src=\"https:\/\/ardennesgites.be\/wp-content\/uploads\/2016\/10\/lupulus.jpg\" class=\"attachment-medium_large size-medium_large wp-image-1561\" alt=\"\" srcset=\"https:\/\/ardennesgites.be\/wp-content\/uploads\/2016\/10\/lupulus.jpg 500w, https:\/\/ardennesgites.be\/wp-content\/uploads\/2016\/10\/lupulus-120x90.jpg 120w, https:\/\/ardennesgites.be\/wp-content\/uploads\/2016\/10\/lupulus-300x225.jpg 300w, https:\/\/ardennesgites.be\/wp-content\/uploads\/2016\/10\/lupulus-260x195.jpg 260w\" sizes=\"(max-width: 500px) 100vw, 500px\" \/>\t\t<\/div>\n\t\t\t\t<div class=\"elementor-portfolio-item__overlay\">\n\t\t\t\t<h3 class=\"elementor-portfolio-item__title\">\n\t\tBi\u00e8re Lupulus\t\t<\/h3>\n\t\t\t\t<\/div>\n\t\t\t\t<\/a>\n\t\t<\/article>\n\t\t\t\t<article class=\"elementor-portfolio-item elementor-post elementor-filter-49 elementor-filter-42 post-1705 post type-post status-publish format-standard has-post-thumbnail hentry category-brouwerij category-region-nl\">\n\t\t\t<a class=\"elementor-post__thumbnail__link\" href=\"https:\/\/ardennesgites.be\/nl\/biere-la-vieille-salme\/\">\n\t\t\t\t<div class=\"elementor-portfolio-item__img elementor-post__thumbnail\">\n\t\t\t<img loading=\"lazy\" decoding=\"async\" width=\"500\" height=\"375\" src=\"https:\/\/ardennesgites.be\/wp-content\/uploads\/2016\/10\/lavieile_salme.jpg\" class=\"attachment-medium_large size-medium_large wp-image-1558\" alt=\"\" srcset=\"https:\/\/ardennesgites.be\/wp-content\/uploads\/2016\/10\/lavieile_salme.jpg 500w, https:\/\/ardennesgites.be\/wp-content\/uploads\/2016\/10\/lavieile_salme-120x90.jpg 120w, https:\/\/ardennesgites.be\/wp-content\/uploads\/2016\/10\/lavieile_salme-300x225.jpg 300w, https:\/\/ardennesgites.be\/wp-content\/uploads\/2016\/10\/lavieile_salme-260x195.jpg 260w\" sizes=\"(max-width: 500px) 100vw, 500px\" \/>\t\t<\/div>\n\t\t\t\t<div class=\"elementor-portfolio-item__overlay\">\n\t\t\t\t<h3 class=\"elementor-portfolio-item__title\">\n\t\tBi\u00e8re La Vieille Salme\t\t<\/h3>\n\t\t\t\t<\/div>\n\t\t\t\t<\/a>\n\t\t<\/article>\n\t\t\t\t<article class=\"elementor-portfolio-item elementor-post elementor-filter-39 elementor-filter-50 post-1704 post type-post status-publish format-standard has-post-thumbnail hentry category-famille-nl category-folklore-nl\">\n\t\t\t<a class=\"elementor-post__thumbnail__link\" href=\"https:\/\/ardennesgites.be\/nl\/laetare-de-stavelot\/\">\n\t\t\t\t<div class=\"elementor-portfolio-item__img elementor-post__thumbnail\">\n\t\t\t<img loading=\"lazy\" decoding=\"async\" width=\"500\" height=\"375\" src=\"https:\/\/ardennesgites.be\/wp-content\/uploads\/2016\/10\/laetare_stavelot.jpg\" class=\"attachment-medium_large size-medium_large wp-image-1555\" alt=\"\" srcset=\"https:\/\/ardennesgites.be\/wp-content\/uploads\/2016\/10\/laetare_stavelot.jpg 500w, https:\/\/ardennesgites.be\/wp-content\/uploads\/2016\/10\/laetare_stavelot-120x90.jpg 120w, https:\/\/ardennesgites.be\/wp-content\/uploads\/2016\/10\/laetare_stavelot-300x225.jpg 300w, https:\/\/ardennesgites.be\/wp-content\/uploads\/2016\/10\/laetare_stavelot-260x195.jpg 260w\" sizes=\"(max-width: 500px) 100vw, 500px\" \/>\t\t<\/div>\n\t\t\t\t<div class=\"elementor-portfolio-item__overlay\">\n\t\t\t\t<h3 class=\"elementor-portfolio-item__title\">\n\t\tLaetare de Stavelot\t\t<\/h3>\n\t\t\t\t<\/div>\n\t\t\t\t<\/a>\n\t\t<\/article>\n\t\t\t\t<article class=\"elementor-portfolio-item elementor-post elementor-filter-39 elementor-filter-40 elementor-filter-53 post-1703 post type-post status-publish format-standard has-post-thumbnail hentry category-famille-nl category-nature-nl category-parc-nl\">\n\t\t\t<a class=\"elementor-post__thumbnail__link\" href=\"https:\/\/ardennesgites.be\/nl\/le-labyrinthe-de-durbuy-barvaux\/\">\n\t\t\t\t<div class=\"elementor-portfolio-item__img elementor-post__thumbnail\">\n\t\t\t<img loading=\"lazy\" decoding=\"async\" width=\"500\" height=\"375\" src=\"https:\/\/ardennesgites.be\/wp-content\/uploads\/2016\/10\/labyrinthe_durbuy.jpg\" class=\"attachment-medium_large size-medium_large wp-image-1552\" alt=\"\" srcset=\"https:\/\/ardennesgites.be\/wp-content\/uploads\/2016\/10\/labyrinthe_durbuy.jpg 500w, https:\/\/ardennesgites.be\/wp-content\/uploads\/2016\/10\/labyrinthe_durbuy-120x90.jpg 120w, https:\/\/ardennesgites.be\/wp-content\/uploads\/2016\/10\/labyrinthe_durbuy-300x225.jpg 300w, https:\/\/ardennesgites.be\/wp-content\/uploads\/2016\/10\/labyrinthe_durbuy-260x195.jpg 260w\" sizes=\"(max-width: 500px) 100vw, 500px\" \/>\t\t<\/div>\n\t\t\t\t<div class=\"elementor-portfolio-item__overlay\">\n\t\t\t\t<h3 class=\"elementor-portfolio-item__title\">\n\t\tLe Labyrinthe de Durbuy &#8211; Barvaux\t\t<\/h3>\n\t\t\t\t<\/div>\n\t\t\t\t<\/a>\n\t\t<\/article>\n\t\t\t\t<article class=\"elementor-portfolio-item elementor-post elementor-filter-49 elementor-filter-42 post-1702 post type-post status-publish format-standard has-post-thumbnail hentry category-brouwerij category-region-nl\">\n\t\t\t<a class=\"elementor-post__thumbnail__link\" href=\"https:\/\/ardennesgites.be\/nl\/la-myrtille-damelie-biere-speciale\/\">\n\t\t\t\t<div class=\"elementor-portfolio-item__img elementor-post__thumbnail\">\n\t\t\t<img loading=\"lazy\" decoding=\"async\" width=\"500\" height=\"375\" src=\"https:\/\/ardennesgites.be\/wp-content\/uploads\/2016\/10\/la_myrtille_amelie.jpg\" class=\"attachment-medium_large size-medium_large wp-image-1546\" alt=\"\" srcset=\"https:\/\/ardennesgites.be\/wp-content\/uploads\/2016\/10\/la_myrtille_amelie.jpg 500w, https:\/\/ardennesgites.be\/wp-content\/uploads\/2016\/10\/la_myrtille_amelie-120x90.jpg 120w, https:\/\/ardennesgites.be\/wp-content\/uploads\/2016\/10\/la_myrtille_amelie-300x225.jpg 300w, https:\/\/ardennesgites.be\/wp-content\/uploads\/2016\/10\/la_myrtille_amelie-260x195.jpg 260w\" sizes=\"(max-width: 500px) 100vw, 500px\" \/>\t\t<\/div>\n\t\t\t\t<div class=\"elementor-portfolio-item__overlay\">\n\t\t\t\t<h3 class=\"elementor-portfolio-item__title\">\n\t\tLa Myrtille d&#8217;Am\u00e9lie Bi\u00e8re Sp\u00e9ciale\t\t<\/h3>\n\t\t\t\t<\/div>\n\t\t\t\t<\/a>\n\t\t<\/article>\n\t\t\t\t<article class=\"elementor-portfolio-item elementor-post elementor-filter-49 elementor-filter-42 post-1701 post type-post status-publish format-standard has-post-thumbnail hentry category-brouwerij category-region-nl\">\n\t\t\t<a class=\"elementor-post__thumbnail__link\" href=\"https:\/\/ardennesgites.be\/nl\/la-chouffe-et-sa-brasserie\/\">\n\t\t\t\t<div class=\"elementor-portfolio-item__img elementor-post__thumbnail\">\n\t\t\t<img loading=\"lazy\" decoding=\"async\" width=\"500\" height=\"375\" src=\"https:\/\/ardennesgites.be\/wp-content\/uploads\/2016\/10\/La_chouffe.jpg\" class=\"attachment-medium_large size-medium_large wp-image-1543\" alt=\"\" srcset=\"https:\/\/ardennesgites.be\/wp-content\/uploads\/2016\/10\/La_chouffe.jpg 500w, https:\/\/ardennesgites.be\/wp-content\/uploads\/2016\/10\/La_chouffe-120x90.jpg 120w, https:\/\/ardennesgites.be\/wp-content\/uploads\/2016\/10\/La_chouffe-300x225.jpg 300w, https:\/\/ardennesgites.be\/wp-content\/uploads\/2016\/10\/La_chouffe-260x195.jpg 260w\" sizes=\"(max-width: 500px) 100vw, 500px\" \/>\t\t<\/div>\n\t\t\t\t<div class=\"elementor-portfolio-item__overlay\">\n\t\t\t\t<h3 class=\"elementor-portfolio-item__title\">\n\t\tLa Chouffe et sa brasserie\t\t<\/h3>\n\t\t\t\t<\/div>\n\t\t\t\t<\/a>\n\t\t<\/article>\n\t\t\t\t<article class=\"elementor-portfolio-item elementor-post elementor-filter-41 post-1692 post type-post status-publish format-standard has-post-thumbnail hentry category-sport-nl\">\n\t\t\t<a class=\"elementor-post__thumbnail__link\" href=\"https:\/\/ardennesgites.be\/nl\/karting-east-belgium\/\">\n\t\t\t\t<div class=\"elementor-portfolio-item__img elementor-post__thumbnail\">\n\t\t\t<img loading=\"lazy\" decoding=\"async\" width=\"500\" height=\"375\" src=\"https:\/\/ardennesgites.be\/wp-content\/uploads\/2016\/10\/karting_rufflage.jpg\" class=\"attachment-medium_large size-medium_large wp-image-1540\" alt=\"\" srcset=\"https:\/\/ardennesgites.be\/wp-content\/uploads\/2016\/10\/karting_rufflage.jpg 500w, https:\/\/ardennesgites.be\/wp-content\/uploads\/2016\/10\/karting_rufflage-120x90.jpg 120w, https:\/\/ardennesgites.be\/wp-content\/uploads\/2016\/10\/karting_rufflage-300x225.jpg 300w, https:\/\/ardennesgites.be\/wp-content\/uploads\/2016\/10\/karting_rufflage-260x195.jpg 260w\" sizes=\"(max-width: 500px) 100vw, 500px\" \/>\t\t<\/div>\n\t\t\t\t<div class=\"elementor-portfolio-item__overlay\">\n\t\t\t\t<h3 class=\"elementor-portfolio-item__title\">\n\t\tKarting East Belgium\t\t<\/h3>\n\t\t\t\t<\/div>\n\t\t\t\t<\/a>\n\t\t<\/article>\n\t\t\t\t<article class=\"elementor-portfolio-item elementor-post elementor-filter-41 post-1691 post type-post status-publish format-standard has-post-thumbnail hentry category-sport-nl\">\n\t\t\t<a class=\"elementor-post__thumbnail__link\" href=\"https:\/\/ardennesgites.be\/nl\/racb-karting-spa-francorchamp\/\">\n\t\t\t\t<div class=\"elementor-portfolio-item__img elementor-post__thumbnail\">\n\t\t\t<img loading=\"lazy\" decoding=\"async\" width=\"500\" height=\"375\" src=\"https:\/\/ardennesgites.be\/wp-content\/uploads\/2016\/10\/karting_francorchamp.jpg\" class=\"attachment-medium_large size-medium_large wp-image-1537\" alt=\"\" srcset=\"https:\/\/ardennesgites.be\/wp-content\/uploads\/2016\/10\/karting_francorchamp.jpg 500w, https:\/\/ardennesgites.be\/wp-content\/uploads\/2016\/10\/karting_francorchamp-120x90.jpg 120w, https:\/\/ardennesgites.be\/wp-content\/uploads\/2016\/10\/karting_francorchamp-300x225.jpg 300w, https:\/\/ardennesgites.be\/wp-content\/uploads\/2016\/10\/karting_francorchamp-260x195.jpg 260w\" sizes=\"(max-width: 500px) 100vw, 500px\" \/>\t\t<\/div>\n\t\t\t\t<div class=\"elementor-portfolio-item__overlay\">\n\t\t\t\t<h3 class=\"elementor-portfolio-item__title\">\n\t\tRACB Karting Spa Francorchamp\t\t<\/h3>\n\t\t\t\t<\/div>\n\t\t\t\t<\/a>\n\t\t<\/article>\n\t\t\t\t<article class=\"elementor-portfolio-item elementor-post elementor-filter-39 elementor-filter-47 elementor-filter-54 post-1684 post type-post status-publish format-standard has-post-thumbnail hentry category-famille-nl category-memorial category-museum\">\n\t\t\t<a class=\"elementor-post__thumbnail__link\" href=\"https:\/\/ardennesgites.be\/nl\/musee-memorial-joubieval\/\">\n\t\t\t\t<div class=\"elementor-portfolio-item__img elementor-post__thumbnail\">\n\t\t\t<img loading=\"lazy\" decoding=\"async\" width=\"500\" height=\"375\" src=\"https:\/\/ardennesgites.be\/wp-content\/uploads\/2016\/10\/joubieval_bulge_relics_museum.jpg\" class=\"attachment-medium_large size-medium_large wp-image-1534\" alt=\"\" srcset=\"https:\/\/ardennesgites.be\/wp-content\/uploads\/2016\/10\/joubieval_bulge_relics_museum.jpg 500w, https:\/\/ardennesgites.be\/wp-content\/uploads\/2016\/10\/joubieval_bulge_relics_museum-120x90.jpg 120w, https:\/\/ardennesgites.be\/wp-content\/uploads\/2016\/10\/joubieval_bulge_relics_museum-300x225.jpg 300w, https:\/\/ardennesgites.be\/wp-content\/uploads\/2016\/10\/joubieval_bulge_relics_museum-260x195.jpg 260w\" sizes=\"(max-width: 500px) 100vw, 500px\" \/>\t\t<\/div>\n\t\t\t\t<div class=\"elementor-portfolio-item__overlay\">\n\t\t\t\t<h3 class=\"elementor-portfolio-item__title\">\n\t\tMus\u00e9e m\u00e9morial Joubieval\t\t<\/h3>\n\t\t\t\t<\/div>\n\t\t\t\t<\/a>\n\t\t<\/article>\n\t\t\t\t<article class=\"elementor-portfolio-item elementor-post elementor-filter-39 elementor-filter-40 elementor-filter-53 elementor-filter-41 post-1683 post type-post status-publish format-standard has-post-thumbnail hentry category-famille-nl category-nature-nl category-parc-nl category-sport-nl\">\n\t\t\t<a class=\"elementor-post__thumbnail__link\" href=\"https:\/\/ardennesgites.be\/nl\/durbuy-aventure\/\">\n\t\t\t\t<div class=\"elementor-portfolio-item__img elementor-post__thumbnail\">\n\t\t\t<img loading=\"lazy\" decoding=\"async\" width=\"500\" height=\"375\" src=\"https:\/\/ardennesgites.be\/wp-content\/uploads\/2016\/10\/durbuy_aventure.jpg\" class=\"attachment-medium_large size-medium_large wp-image-1531\" alt=\"\" srcset=\"https:\/\/ardennesgites.be\/wp-content\/uploads\/2016\/10\/durbuy_aventure.jpg 500w, https:\/\/ardennesgites.be\/wp-content\/uploads\/2016\/10\/durbuy_aventure-120x90.jpg 120w, https:\/\/ardennesgites.be\/wp-content\/uploads\/2016\/10\/durbuy_aventure-300x225.jpg 300w, https:\/\/ardennesgites.be\/wp-content\/uploads\/2016\/10\/durbuy_aventure-260x195.jpg 260w\" sizes=\"(max-width: 500px) 100vw, 500px\" \/>\t\t<\/div>\n\t\t\t\t<div class=\"elementor-portfolio-item__overlay\">\n\t\t\t\t<h3 class=\"elementor-portfolio-item__title\">\n\t\tDurbuy Aventure\t\t<\/h3>\n\t\t\t\t<\/div>\n\t\t\t\t<\/a>\n\t\t<\/article>\n\t\t\t\t<article class=\"elementor-portfolio-item elementor-post elementor-filter-51 post-1682 post type-post status-publish format-standard has-post-thumbnail hentry category-winkel\">\n\t\t\t<a class=\"elementor-post__thumbnail__link\" href=\"https:\/\/ardennesgites.be\/nl\/drink-shop-detrembleur\/\">\n\t\t\t\t<div class=\"elementor-portfolio-item__img elementor-post__thumbnail\">\n\t\t\t<img loading=\"lazy\" decoding=\"async\" width=\"500\" height=\"375\" src=\"https:\/\/ardennesgites.be\/wp-content\/uploads\/2016\/10\/detrembleur.jpg\" class=\"attachment-medium_large size-medium_large wp-image-1525\" alt=\"\" srcset=\"https:\/\/ardennesgites.be\/wp-content\/uploads\/2016\/10\/detrembleur.jpg 500w, https:\/\/ardennesgites.be\/wp-content\/uploads\/2016\/10\/detrembleur-120x90.jpg 120w, https:\/\/ardennesgites.be\/wp-content\/uploads\/2016\/10\/detrembleur-300x225.jpg 300w, https:\/\/ardennesgites.be\/wp-content\/uploads\/2016\/10\/detrembleur-260x195.jpg 260w\" sizes=\"(max-width: 500px) 100vw, 500px\" \/>\t\t<\/div>\n\t\t\t\t<div class=\"elementor-portfolio-item__overlay\">\n\t\t\t\t<h3 class=\"elementor-portfolio-item__title\">\n\t\tDrink Shop Detrembleur\t\t<\/h3>\n\t\t\t\t<\/div>\n\t\t\t\t<\/a>\n\t\t<\/article>\n\t\t\t\t<article class=\"elementor-portfolio-item elementor-post elementor-filter-39 elementor-filter-40 elementor-filter-41 post-1681 post type-post status-publish format-standard has-post-thumbnail hentry category-famille-nl category-nature-nl category-sport-nl\">\n\t\t\t<a class=\"elementor-post__thumbnail__link\" href=\"https:\/\/ardennesgites.be\/nl\/coo-kayak\/\">\n\t\t\t\t<div class=\"elementor-portfolio-item__img elementor-post__thumbnail\">\n\t\t\t<img loading=\"lazy\" decoding=\"async\" width=\"500\" height=\"375\" src=\"https:\/\/ardennesgites.be\/wp-content\/uploads\/2016\/10\/coo_kayak.jpg\" class=\"attachment-medium_large size-medium_large wp-image-1519\" alt=\"\" srcset=\"https:\/\/ardennesgites.be\/wp-content\/uploads\/2016\/10\/coo_kayak.jpg 500w, https:\/\/ardennesgites.be\/wp-content\/uploads\/2016\/10\/coo_kayak-120x90.jpg 120w, https:\/\/ardennesgites.be\/wp-content\/uploads\/2016\/10\/coo_kayak-300x225.jpg 300w, https:\/\/ardennesgites.be\/wp-content\/uploads\/2016\/10\/coo_kayak-260x195.jpg 260w\" sizes=\"(max-width: 500px) 100vw, 500px\" \/>\t\t<\/div>\n\t\t\t\t<div class=\"elementor-portfolio-item__overlay\">\n\t\t\t\t<h3 class=\"elementor-portfolio-item__title\">\n\t\tCoo Kayak\t\t<\/h3>\n\t\t\t\t<\/div>\n\t\t\t\t<\/a>\n\t\t<\/article>\n\t\t\t\t<article class=\"elementor-portfolio-item elementor-post elementor-filter-49 elementor-filter-42 post-1680 post type-post status-publish format-standard has-post-thumbnail hentry category-brouwerij category-region-nl\">\n\t\t\t<a class=\"elementor-post__thumbnail__link\" href=\"https:\/\/ardennesgites.be\/nl\/brasserie-bellevaux\/\">\n\t\t\t\t<div class=\"elementor-portfolio-item__img elementor-post__thumbnail\">\n\t\t\t<img loading=\"lazy\" decoding=\"async\" width=\"500\" height=\"375\" src=\"https:\/\/ardennesgites.be\/wp-content\/uploads\/2016\/10\/brasserie_de_bellevaux.jpg\" class=\"attachment-medium_large size-medium_large wp-image-1504\" alt=\"\" srcset=\"https:\/\/ardennesgites.be\/wp-content\/uploads\/2016\/10\/brasserie_de_bellevaux.jpg 500w, https:\/\/ardennesgites.be\/wp-content\/uploads\/2016\/10\/brasserie_de_bellevaux-120x90.jpg 120w, https:\/\/ardennesgites.be\/wp-content\/uploads\/2016\/10\/brasserie_de_bellevaux-300x225.jpg 300w, https:\/\/ardennesgites.be\/wp-content\/uploads\/2016\/10\/brasserie_de_bellevaux-260x195.jpg 260w\" sizes=\"(max-width: 500px) 100vw, 500px\" \/>\t\t<\/div>\n\t\t\t\t<div class=\"elementor-portfolio-item__overlay\">\n\t\t\t\t<h3 class=\"elementor-portfolio-item__title\">\n\t\tBrasserie Bellevaux\t\t<\/h3>\n\t\t\t\t<\/div>\n\t\t\t\t<\/a>\n\t\t<\/article>\n\t\t\t\t<article class=\"elementor-portfolio-item elementor-post elementor-filter-39 elementor-filter-47 elementor-filter-54 post-1679 post type-post status-publish format-standard has-post-thumbnail hentry category-famille-nl category-memorial category-museum\">\n\t\t\t<a class=\"elementor-post__thumbnail__link\" href=\"https:\/\/ardennesgites.be\/nl\/musee-memorial-baugnez-44\/\">\n\t\t\t\t<div class=\"elementor-portfolio-item__img elementor-post__thumbnail\">\n\t\t\t<img loading=\"lazy\" decoding=\"async\" width=\"500\" height=\"375\" src=\"https:\/\/ardennesgites.be\/wp-content\/uploads\/2016\/10\/baugnez_44.jpg\" class=\"attachment-medium_large size-medium_large wp-image-1501\" alt=\"\" srcset=\"https:\/\/ardennesgites.be\/wp-content\/uploads\/2016\/10\/baugnez_44.jpg 500w, https:\/\/ardennesgites.be\/wp-content\/uploads\/2016\/10\/baugnez_44-120x90.jpg 120w, https:\/\/ardennesgites.be\/wp-content\/uploads\/2016\/10\/baugnez_44-300x225.jpg 300w, https:\/\/ardennesgites.be\/wp-content\/uploads\/2016\/10\/baugnez_44-260x195.jpg 260w\" sizes=\"(max-width: 500px) 100vw, 500px\" \/>\t\t<\/div>\n\t\t\t\t<div class=\"elementor-portfolio-item__overlay\">\n\t\t\t\t<h3 class=\"elementor-portfolio-item__title\">\n\t\tMus\u00e9e M\u00e9morial Baugnez 44\t\t<\/h3>\n\t\t\t\t<\/div>\n\t\t\t\t<\/a>\n\t\t<\/article>\n\t\t\t\t<article class=\"elementor-portfolio-item elementor-post elementor-filter-49 elementor-filter-42 post-1677 post type-post status-publish format-standard has-post-thumbnail hentry category-brouwerij category-region-nl\">\n\t\t\t<a class=\"elementor-post__thumbnail__link\" href=\"https:\/\/ardennesgites.be\/nl\/laurore-de-la-salm\/\">\n\t\t\t\t<div class=\"elementor-portfolio-item__img elementor-post__thumbnail\">\n\t\t\t<img loading=\"lazy\" decoding=\"async\" width=\"500\" height=\"375\" src=\"https:\/\/ardennesgites.be\/wp-content\/uploads\/2016\/10\/aurore_de_la_salm.jpg\" class=\"attachment-medium_large size-medium_large wp-image-1492\" alt=\"\" srcset=\"https:\/\/ardennesgites.be\/wp-content\/uploads\/2016\/10\/aurore_de_la_salm.jpg 500w, https:\/\/ardennesgites.be\/wp-content\/uploads\/2016\/10\/aurore_de_la_salm-120x90.jpg 120w, https:\/\/ardennesgites.be\/wp-content\/uploads\/2016\/10\/aurore_de_la_salm-300x225.jpg 300w, https:\/\/ardennesgites.be\/wp-content\/uploads\/2016\/10\/aurore_de_la_salm-260x195.jpg 260w\" sizes=\"(max-width: 500px) 100vw, 500px\" \/>\t\t<\/div>\n\t\t\t\t<div class=\"elementor-portfolio-item__overlay\">\n\t\t\t\t<h3 class=\"elementor-portfolio-item__title\">\n\t\tL&#8217;aurore de la Salm\t\t<\/h3>\n\t\t\t\t<\/div>\n\t\t\t\t<\/a>\n\t\t<\/article>\n\t\t\t\t<article class=\"elementor-portfolio-item elementor-post elementor-filter-39 elementor-filter-40 elementor-filter-41 post-1437 post type-post status-publish format-standard has-post-thumbnail hentry category-famille-nl category-nature-nl category-sport-nl\">\n\t\t\t<a class=\"elementor-post__thumbnail__link\" href=\"https:\/\/ardennesgites.be\/nl\/promenade-vielsalm\/\">\n\t\t\t\t<div class=\"elementor-portfolio-item__img elementor-post__thumbnail\">\n\t\t\t<img loading=\"lazy\" decoding=\"async\" width=\"112\" height=\"196\" src=\"https:\/\/ardennesgites.be\/wp-content\/uploads\/2016\/03\/promenadesbalis\u00aees.jpg\" class=\"attachment-medium_large size-medium_large wp-image-1093\" alt=\"\" \/>\t\t<\/div>\n\t\t\t\t<div class=\"elementor-portfolio-item__overlay\">\n\t\t\t\t<h3 class=\"elementor-portfolio-item__title\">\n\t\tPromenade Vielsalm\t\t<\/h3>\n\t\t\t\t<\/div>\n\t\t\t\t<\/a>\n\t\t<\/article>\n\t\t\t\t<article class=\"elementor-portfolio-item elementor-post elementor-filter-39 elementor-filter-40 elementor-filter-41 post-1438 post type-post status-publish format-standard has-post-thumbnail hentry category-famille-nl category-nature-nl category-sport-nl\">\n\t\t\t<a class=\"elementor-post__thumbnail__link\" href=\"https:\/\/ardennesgites.be\/nl\/ski-baraque-fraiture\/\">\n\t\t\t\t<div class=\"elementor-portfolio-item__img elementor-post__thumbnail\">\n\t\t\t<img loading=\"lazy\" decoding=\"async\" width=\"500\" height=\"375\" src=\"https:\/\/ardennesgites.be\/wp-content\/uploads\/2016\/03\/skibaraquefraiture.jpg\" class=\"attachment-medium_large size-medium_large wp-image-1091\" alt=\"\" srcset=\"https:\/\/ardennesgites.be\/wp-content\/uploads\/2016\/03\/skibaraquefraiture.jpg 500w, https:\/\/ardennesgites.be\/wp-content\/uploads\/2016\/03\/skibaraquefraiture-120x90.jpg 120w, https:\/\/ardennesgites.be\/wp-content\/uploads\/2016\/03\/skibaraquefraiture-300x225.jpg 300w, https:\/\/ardennesgites.be\/wp-content\/uploads\/2016\/03\/skibaraquefraiture-260x195.jpg 260w\" sizes=\"(max-width: 500px) 100vw, 500px\" \/>\t\t<\/div>\n\t\t\t\t<div class=\"elementor-portfolio-item__overlay\">\n\t\t\t\t<h3 class=\"elementor-portfolio-item__title\">\n\t\tSki Baraque Fraiture\t\t<\/h3>\n\t\t\t\t<\/div>\n\t\t\t\t<\/a>\n\t\t<\/article>\n\t\t\t\t<article class=\"elementor-portfolio-item elementor-post elementor-filter-39 elementor-filter-40 post-1440 post type-post status-publish format-standard has-post-thumbnail hentry category-famille-nl category-nature-nl\">\n\t\t\t<a class=\"elementor-post__thumbnail__link\" href=\"https:\/\/ardennesgites.be\/nl\/sentier-pied-nus\/\">\n\t\t\t\t<div class=\"elementor-portfolio-item__img elementor-post__thumbnail\">\n\t\t\t<img loading=\"lazy\" decoding=\"async\" width=\"500\" height=\"375\" src=\"https:\/\/ardennesgites.be\/wp-content\/uploads\/2016\/10\/sentier_pieds_nus.jpg\" class=\"attachment-medium_large size-medium_large wp-image-1597\" alt=\"\" srcset=\"https:\/\/ardennesgites.be\/wp-content\/uploads\/2016\/10\/sentier_pieds_nus.jpg 500w, https:\/\/ardennesgites.be\/wp-content\/uploads\/2016\/10\/sentier_pieds_nus-120x90.jpg 120w, https:\/\/ardennesgites.be\/wp-content\/uploads\/2016\/10\/sentier_pieds_nus-300x225.jpg 300w, https:\/\/ardennesgites.be\/wp-content\/uploads\/2016\/10\/sentier_pieds_nus-260x195.jpg 260w\" sizes=\"(max-width: 500px) 100vw, 500px\" \/>\t\t<\/div>\n\t\t\t\t<div class=\"elementor-portfolio-item__overlay\">\n\t\t\t\t<h3 class=\"elementor-portfolio-item__title\">\n\t\tSentier Pieds-Nus\t\t<\/h3>\n\t\t\t\t<\/div>\n\t\t\t\t<\/a>\n\t\t<\/article>\n\t\t\t\t<article class=\"elementor-portfolio-item elementor-post elementor-filter-42 post-1442 post type-post status-publish format-standard has-post-thumbnail hentry category-region-nl\">\n\t\t\t<a class=\"elementor-post__thumbnail__link\" href=\"https:\/\/ardennesgites.be\/nl\/la-roche-en-ardennes-et-son-chateau\/\">\n\t\t\t\t<div class=\"elementor-portfolio-item__img elementor-post__thumbnail\">\n\t\t\t<img loading=\"lazy\" decoding=\"async\" width=\"768\" height=\"578\" src=\"https:\/\/ardennesgites.be\/wp-content\/uploads\/2015\/12\/laroche.jpg\" class=\"attachment-medium_large size-medium_large wp-image-927\" alt=\"\" srcset=\"https:\/\/ardennesgites.be\/wp-content\/uploads\/2015\/12\/laroche.jpg 1024w, https:\/\/ardennesgites.be\/wp-content\/uploads\/2015\/12\/laroche-120x90.jpg 120w, https:\/\/ardennesgites.be\/wp-content\/uploads\/2015\/12\/laroche-300x226.jpg 300w, https:\/\/ardennesgites.be\/wp-content\/uploads\/2015\/12\/laroche-260x196.jpg 260w\" sizes=\"(max-width: 768px) 100vw, 768px\" \/>\t\t<\/div>\n\t\t\t\t<div class=\"elementor-portfolio-item__overlay\">\n\t\t\t\t<h3 class=\"elementor-portfolio-item__title\">\n\t\tLa Roche en Ardennes et son ch\u00e2teau\t\t<\/h3>\n\t\t\t\t<\/div>\n\t\t\t\t<\/a>\n\t\t<\/article>\n\t\t\t\t<article class=\"elementor-portfolio-item elementor-post elementor-filter-42 post-1444 post type-post status-publish format-standard has-post-thumbnail hentry category-region-nl\">\n\t\t\t<a class=\"elementor-post__thumbnail__link\" href=\"https:\/\/ardennesgites.be\/nl\/brasserie-et-degustation-achouffe\/\">\n\t\t\t\t<div class=\"elementor-portfolio-item__img elementor-post__thumbnail\">\n\t\t\t<img loading=\"lazy\" decoding=\"async\" width=\"585\" height=\"420\" src=\"https:\/\/ardennesgites.be\/wp-content\/uploads\/2015\/12\/lachouffe_maina_2.jpg\" class=\"attachment-medium_large size-medium_large wp-image-925\" alt=\"\" srcset=\"https:\/\/ardennesgites.be\/wp-content\/uploads\/2015\/12\/lachouffe_maina_2.jpg 585w, https:\/\/ardennesgites.be\/wp-content\/uploads\/2015\/12\/lachouffe_maina_2-300x215.jpg 300w, https:\/\/ardennesgites.be\/wp-content\/uploads\/2015\/12\/lachouffe_maina_2-260x187.jpg 260w\" sizes=\"(max-width: 585px) 100vw, 585px\" \/>\t\t<\/div>\n\t\t\t\t<div class=\"elementor-portfolio-item__overlay\">\n\t\t\t\t<h3 class=\"elementor-portfolio-item__title\">\n\t\tBrasserie et d\u00e9gustation Achouffe\t\t<\/h3>\n\t\t\t\t<\/div>\n\t\t\t\t<\/a>\n\t\t<\/article>\n\t\t\t\t<article class=\"elementor-portfolio-item elementor-post elementor-filter-42 elementor-filter-53 post-1446 post type-post status-publish format-standard has-post-thumbnail hentry category-region-nl category-parc-nl\">\n\t\t\t<a class=\"elementor-post__thumbnail__link\" href=\"https:\/\/ardennesgites.be\/nl\/ploopsa-coo\/\">\n\t\t\t\t<div class=\"elementor-portfolio-item__img elementor-post__thumbnail\">\n\t\t\t<img loading=\"lazy\" decoding=\"async\" width=\"702\" height=\"402\" src=\"https:\/\/ardennesgites.be\/wp-content\/uploads\/2015\/12\/plopsacoo.jpg\" class=\"attachment-medium_large size-medium_large wp-image-923\" alt=\"\" srcset=\"https:\/\/ardennesgites.be\/wp-content\/uploads\/2015\/12\/plopsacoo.jpg 702w, https:\/\/ardennesgites.be\/wp-content\/uploads\/2015\/12\/plopsacoo-300x172.jpg 300w, https:\/\/ardennesgites.be\/wp-content\/uploads\/2015\/12\/plopsacoo-260x149.jpg 260w\" sizes=\"(max-width: 702px) 100vw, 702px\" \/>\t\t<\/div>\n\t\t\t\t<div class=\"elementor-portfolio-item__overlay\">\n\t\t\t\t<h3 class=\"elementor-portfolio-item__title\">\n\t\tPloopsa Coo\t\t<\/h3>\n\t\t\t\t<\/div>\n\t\t\t\t<\/a>\n\t\t<\/article>\n\t\t\t\t<article class=\"elementor-portfolio-item elementor-post elementor-filter-42 post-1448 post type-post status-publish format-standard has-post-thumbnail hentry category-region-nl\">\n\t\t\t<a class=\"elementor-post__thumbnail__link\" href=\"https:\/\/ardennesgites.be\/nl\/spa-francorchamp\/\">\n\t\t\t\t<div class=\"elementor-portfolio-item__img elementor-post__thumbnail\">\n\t\t\t<img loading=\"lazy\" decoding=\"async\" width=\"500\" height=\"375\" src=\"https:\/\/ardennesgites.be\/wp-content\/uploads\/2016\/10\/circuit_spa_francorchamp.jpg\" class=\"attachment-medium_large size-medium_large wp-image-1507\" alt=\"\" srcset=\"https:\/\/ardennesgites.be\/wp-content\/uploads\/2016\/10\/circuit_spa_francorchamp.jpg 500w, https:\/\/ardennesgites.be\/wp-content\/uploads\/2016\/10\/circuit_spa_francorchamp-120x90.jpg 120w, https:\/\/ardennesgites.be\/wp-content\/uploads\/2016\/10\/circuit_spa_francorchamp-300x225.jpg 300w, https:\/\/ardennesgites.be\/wp-content\/uploads\/2016\/10\/circuit_spa_francorchamp-260x195.jpg 260w\" sizes=\"(max-width: 500px) 100vw, 500px\" \/>\t\t<\/div>\n\t\t\t\t<div class=\"elementor-portfolio-item__overlay\">\n\t\t\t\t<h3 class=\"elementor-portfolio-item__title\">\n\t\tSpa Francorchamp\t\t<\/h3>\n\t\t\t\t<\/div>\n\t\t\t\t<\/a>\n\t\t<\/article>\n\t\t\t\t<\/div>\n\t\t\t\t\t\t<\/div>\n\t\t\t\t<\/div>\n\t\t\t\t\t<\/div>\n\t\t<\/div>\n\t\t\t\t\t<\/div>\n\t\t<\/section>\n\t\t\t\t<\/div>\n\t\t","protected":false},"excerpt":{"rendered":"<p>In de regio<\/p>\n","protected":false},"author":4,"featured_media":0,"parent":0,"menu_order":0,"comment_status":"closed","ping_status":"closed","template":"elementor_header_footer","meta":{"footnotes":""},"class_list":["post-1433","page","type-page","status-publish","hentry"],"_links":{"self":[{"href":"https:\/\/ardennesgites.be\/nl\/wp-json\/wp\/v2\/pages\/1433","targetHints":{"allow":["GET"]}}],"collection":[{"href":"https:\/\/ardennesgites.be\/nl\/wp-json\/wp\/v2\/pages"}],"about":[{"href":"https:\/\/ardennesgites.be\/nl\/wp-json\/wp\/v2\/types\/page"}],"author":[{"embeddable":true,"href":"https:\/\/ardennesgites.be\/nl\/wp-json\/wp\/v2\/users\/4"}],"replies":[{"embeddable":true,"href":"https:\/\/ardennesgites.be\/nl\/wp-json\/wp\/v2\/comments?post=1433"}],"version-history":[{"count":8,"href":"https:\/\/ardennesgites.be\/nl\/wp-json\/wp\/v2\/pages\/1433\/revisions"}],"predecessor-version":[{"id":2819,"href":"https:\/\/ardennesgites.be\/nl\/wp-json\/wp\/v2\/pages\/1433\/revisions\/2819"}],"wp:attachment":[{"href":"https:\/\/ardennesgites.be\/nl\/wp-json\/wp\/v2\/media?parent=1433"}],"curies":[{"name":"wp","href":"https:\/\/api.w.org\/{rel}","templated":true}]}}